{"id":75,"date":"2023-04-13T21:30:35","date_gmt":"2023-04-14T00:30:35","guid":{"rendered":"https:\/\/catedras.facet.unt.edu.ar\/plantapiloto\/?page_id=75"},"modified":"2025-05-14T00:30:27","modified_gmt":"2025-05-14T03:30:27","slug":"horarios","status":"publish","type":"page","link":"https:\/\/catedras.facet.unt.edu.ar\/plantapiloto\/horarios\/","title":{"rendered":"Horarios y Programaci\u00f3n"},"content":{"rendered":"<p dir=\"ltr\"><strong><span style=\"color: #0000ff\">\u00a0CARGA HORARIA<\/span><\/strong><\/p>\n<p dir=\"ltr\">128 horas Totales \/ 16 semanas<\/p>\n<p dir=\"ltr\">8 horas semanales: 3 horas te\u00f3rico &#8211; pr\u00e1cticas y 5 horas experimentales<\/p>\n<p dir=\"ltr\">Evaluaciones: 6 horas<\/p>\n<p dir=\"ltr\"><strong><span style=\"color: #0000ff\">ACTIVIDADES TE\u00d3RICAS Y PR\u00c1CTICAS<\/span><\/strong><\/p>\n<p dir=\"ltr\">Clases te\u00f3rico-pr\u00e1cticas. 3 horas semanales para desarrollar los aspectos de la teor\u00eda aplicados a los trabajos experimentales. Mediante presentaciones en power point y material de lectura<\/p>\n<p dir=\"ltr\">Clases experimentales. 5 horas semanales. Para el desarrollo de diversos trabajos pr\u00e1cticos experimentales, con proyectos en grupo, presentaciones escritas y oral grupales.<\/p>\n<h3>\u00a0<span style=\"font-size: 12pt\"><strong><span style=\"color: #0000ff\">HORARIOS CICLO 2025\u00a0\u00a0<\/span><\/strong><\/span><\/h3>\n<ul>\n<li>\n<p dir=\"ltr\" role=\"presentation\">Mi\u00e9rcoles \u2013 09:00 a 12:00 \u2013\u00a0 (o aula virtual G.Classroom) \u2013 Clases te\u00f3rico-pr\u00e1ctica<\/p>\n<h3><strong><span style=\"font-size: 12pt\">aula de inform\u00e1tica &#8211; aula 4 &#8211; 1- 32<\/span><\/strong><\/h3>\n<\/li>\n<li>\n<p dir=\"ltr\" role=\"presentation\">Jueves \u2013\u00a0 15:00 20:00 \u2013 Laboratorio Tecnol\u00f3gico Planta Piloto<\/p>\n<\/li>\n<li>\n<p dir=\"ltr\" role=\"presentation\">Viernes \u2013 15:00 a 20:00 \u2013 Laboratorio Tecnol\u00f3gico Planta Piloto<\/p>\n<\/li>\n<\/ul>\n<p dir=\"ltr\">Todas las actividades son presenciales. Si por alguna raz\u00f3n como paro de \u00f3mnibus, desinfecci\u00f3n de las instalaciones, etc;\u00a0 no fuera posible utilizar algunas de las instalaciones, entonces las actividades te\u00f3rico &#8211; pr\u00e1cticas se desarrollar\u00e1n por video conferencia (excepto las experimentales) en los horarios publicados. El enlace se informar\u00e1 por la plataforma virtual de la materia.<\/p>\n<p dir=\"ltr\">Respecto a las clases experimentales se reprogramaran para otra fecha y se publicaran en la secci\u00f3n de cronograma<\/p>\n<p dir=\"ltr\"><strong><span style=\"color: #0000ff\">M\u00c9TODO DE EVALUACI\u00d3N<\/span><\/strong><\/p>\n<p dir=\"ltr\">SISTEMA DE EVALUACI\u00d3N<\/p>\n<p dir=\"ltr\">Todos los alumnos deben cumplir con:<\/p>\n<p dir=\"ltr\">1.\u00a0 Asistencia al 80 % de las clases te\u00f3rico-pr\u00e1ctica<\/p>\n<p dir=\"ltr\">2.\u00a0 Realizar y aprobar el 100 % de los trabajos pr\u00e1cticos experimentales<\/p>\n<p dir=\"ltr\">3. \u00a0 Presentaci\u00f3n de los informes de trabajos pr\u00e1cticos y defensa oral de los mismos<\/p>\n<p dir=\"ltr\">4. \u00a0 Realizar un proyecto taller y su defensa oral<\/p>\n<p dir=\"ltr\">\u00a0\u00a05.- \u00a0 Aprobar 2 parciales te\u00f3rico pr\u00e1ctico escrito<\/p>\n<p dir=\"ltr\">En el periodo de recuperaci\u00f3n, para aprobar la materia; los alumnos deben:<\/p>\n<ol>\n<li>\n<p dir=\"ltr\" role=\"presentation\">Aprobar una evaluaci\u00f3n integral sobre problemas aplicados<\/p>\n<\/li>\n<li>\n<p dir=\"ltr\" role=\"presentation\">\u00a0Aprobar un ex\u00e1men final oral de naturaleza conceptual<\/p>\n<\/li>\n<\/ol>\n<p dir=\"ltr\"><strong><span style=\"color: #0000ff\">CORRELATIVAS<\/span><\/strong><\/p>\n<p dir=\"ltr\">Para cursar: Operaciones Unitarias III<\/p>\n<p>Para aprobar: Operaciones Unitarias III<\/p>\n<p>&nbsp;<\/p>\n","protected":false},"excerpt":{"rendered":"<p>\u00a0CARGA HORARIA 128 horas Totales \/ 16 semanas 8 horas semanales: 3 horas te\u00f3rico &#8211; pr\u00e1cticas y 5 horas experimentales Evaluaciones: 6 horas ACTIVIDADES TE\u00d3RICAS Y PR\u00c1CTICAS Clases te\u00f3rico-pr\u00e1cticas. 3 horas semanales para desarrollar los aspectos de la teor\u00eda aplicados a los trabajos experimentales. Mediante presentaciones en power point y material de lectura Clases experimentales. [&hellip;]<\/p>\n","protected":false},"author":123669,"featured_media":0,"parent":0,"menu_order":0,"comment_status":"closed","ping_status":"closed","template":"","meta":[],"_links":{"self":[{"href":"https:\/\/catedras.facet.unt.edu.ar\/plantapiloto\/wp-json\/wp\/v2\/pages\/75"}],"collection":[{"href":"https:\/\/catedras.facet.unt.edu.ar\/plantapiloto\/wp-json\/wp\/v2\/pages"}],"about":[{"href":"https:\/\/catedras.facet.unt.edu.ar\/plantapiloto\/wp-json\/wp\/v2\/types\/page"}],"author":[{"embeddable":true,"href":"https:\/\/catedras.facet.unt.edu.ar\/plantapiloto\/wp-json\/wp\/v2\/users\/123669"}],"replies":[{"embeddable":true,"href":"https:\/\/catedras.facet.unt.edu.ar\/plantapiloto\/wp-json\/wp\/v2\/comments?post=75"}],"version-history":[{"count":7,"href":"https:\/\/catedras.facet.unt.edu.ar\/plantapiloto\/wp-json\/wp\/v2\/pages\/75\/revisions"}],"predecessor-version":[{"id":154,"href":"https:\/\/catedras.facet.unt.edu.ar\/plantapiloto\/wp-json\/wp\/v2\/pages\/75\/revisions\/154"}],"wp:attachment":[{"href":"https:\/\/catedras.facet.unt.edu.ar\/plantapiloto\/wp-json\/wp\/v2\/media?parent=75"}],"curies":[{"name":"wp","href":"https:\/\/api.w.org\/{rel}","templated":true}]}}