{"id":104,"date":"2014-10-20T11:53:30","date_gmt":"2014-10-20T14:53:30","guid":{"rendered":"https:\/\/catedras.facet.unt.edu.ar\/organizacion\/?page_id=104"},"modified":"2019-10-11T14:16:17","modified_gmt":"2019-10-11T17:16:17","slug":"practicos-3","status":"publish","type":"page","link":"https:\/\/catedras.facet.unt.edu.ar\/organizacion\/practicos-3\/","title":{"rendered":"PRACTICOS"},"content":{"rendered":"<p><a href=\"https:\/\/catedras.facet.unt.edu.ar\/organizacion\/wp-content\/uploads\/sites\/26\/2019\/10\/Enunciado-Practico-Licitacion-2019.pdf\">PRACTICO LICITACI\u00d3N 2019<\/p>\n<p><a href=\"https:\/\/catedras.facet.unt.edu.ar\/organizacion\/wp-content\/uploads\/sites\/26\/2019\/10\/Pliego-General-Pr\u00e1ctico-2019.pdf\">PLIEGO<br \/>\n<a href=\"https:\/\/catedras.facet.unt.edu.ar\/organizacion\/wp-content\/uploads\/sites\/26\/2015\/10\/Anexo-A.pdf\">ANEXO A<br \/>\n<a href=\"https:\/\/catedras.facet.unt.edu.ar\/organizacion\/wp-content\/uploads\/sites\/26\/2019\/10\/FORMULARIO-DE-OFERTA.pdf\">ANEXO B<br \/>\n<a href=\"https:\/\/catedras.facet.unt.edu.ar\/organizacion\/wp-content\/uploads\/sites\/26\/2018\/10\/Planilla-de-Presupuesto.pdf\">PRESUPUESTO<br \/>\n<a href=\"https:\/\/catedras.facet.unt.edu.ar\/organizacion\/wp-content\/uploads\/sites\/26\/2014\/10\/PlanoN1.pdf\">Plano1<br \/>\n<a href=\"https:\/\/catedras.facet.unt.edu.ar\/organizacion\/wp-content\/uploads\/sites\/26\/2014\/10\/PlanoN2.pdf\">Plano2<br \/>\n<a href=\"https:\/\/catedras.facet.unt.edu.ar\/organizacion\/wp-content\/uploads\/sites\/26\/2014\/10\/PlanoN3.pdf\">Plano3<br \/>\n<a href=\"https:\/\/catedras.facet.unt.edu.ar\/organizacion\/wp-content\/uploads\/sites\/26\/2014\/10\/PlanoN4.pdf\">Plano4<br \/>\n<a href=\"https:\/\/catedras.facet.unt.edu.ar\/organizacion\/wp-content\/uploads\/sites\/26\/2014\/10\/PlanoN5.pdf\">Plano5<br \/>\n<a href=\"https:\/\/catedras.facet.unt.edu.ar\/organizacion\/wp-content\/uploads\/sites\/26\/2014\/10\/PlanoN6.pdf\">Plano6<\/p>\n<p><a href=\"http:\/\/www.uocra.org\/?s=nuevas-escalas-salariales\">Mano de Obra<br \/>\n<a href=\"https:\/\/catedras.facet.unt.edu.ar\/organizacion\/wp-content\/uploads\/sites\/26\/2014\/10\/Coeficientes-de-Consumo.pdf\">Coeficientes de Consumo  <\/p>\n<p>Los Trabajos Pr\u00e1cticos a presentar, para todos los alumnos que cursaron con anterioridad al a\u00f1o 2018, son los siguientes:<\/p>\n<p><a href=\"https:\/\/catedras.facet.unt.edu.ar\/organizacion\/wp-content\/uploads\/sites\/26\/2014\/10\/TPn1.pdf\">Trabajo Pr\u00e1ctico N\u00ba1<\/p>\n<p><a href=\"https:\/\/catedras.facet.unt.edu.ar\/organizacion\/wp-content\/uploads\/sites\/26\/2014\/10\/TPn2.pdf\">Trabajo Pr\u00e1ctico N\u00ba2<\/p>\n<p><a href=\"https:\/\/catedras.facet.unt.edu.ar\/organizacion\/wp-content\/uploads\/sites\/26\/2014\/10\/TPn3.pdf\">Trabajo Pr\u00e1ctico N\u00ba3<\/p>\n<p><a href=\"https:\/\/catedras.facet.unt.edu.ar\/organizacion\/wp-content\/uploads\/sites\/26\/2014\/10\/TPn4.pdf\">Trabajo Pr\u00e1ctico N\u00ba4<\/p>\n<p><a href=\"https:\/\/catedras.facet.unt.edu.ar\/organizacion\/wp-content\/uploads\/sites\/26\/2014\/12\/TPn5.pdf\">Trabajo Pr\u00e1ctico N\u00ba5<\/p>\n<p><a href=\"https:\/\/catedras.facet.unt.edu.ar\/organizacion\/wp-content\/uploads\/sites\/26\/2014\/11\/TPn6.pdf\">Trabajo Pr\u00e1ctico N\u00ba6<\/p>\n<p><a href=\"https:\/\/catedras.facet.unt.edu.ar\/organizacion\/wp-content\/uploads\/sites\/26\/2014\/12\/TPn7.pdf\">Trabajo Pr\u00e1ctico N\u00ba7<\/p>\n<p><a href=\"https:\/\/catedras.facet.unt.edu.ar\/organizacion\/wp-content\/uploads\/sites\/26\/2014\/11\/TPn8.pdf\">Trabajo Pr\u00e1ctico N\u00ba8<\/p>\n","protected":false},"excerpt":{"rendered":"<p>PRACTICO LICITACI\u00d3N 2019 PLIEGO ANEXO A ANEXO B PRESUPUESTO Plano1 Plano2 Plano3 Plano4 Plano5 Plano6 Mano de Obra Coeficientes de Consumo Los Trabajos Pr\u00e1cticos a presentar, para todos los alumnos que cursaron con anterioridad al a\u00f1o 2018, son los siguientes: Trabajo Pr\u00e1ctico N\u00ba1 Trabajo Pr\u00e1ctico N\u00ba2 Trabajo Pr\u00e1ctico N\u00ba3 Trabajo Pr\u00e1ctico N\u00ba4 Trabajo Pr\u00e1ctico N\u00ba5 [&hellip;]<\/p>\n","protected":false},"author":138,"featured_media":0,"parent":0,"menu_order":3,"comment_status":"closed","ping_status":"closed","template":"","meta":[],"_links":{"self":[{"href":"https:\/\/catedras.facet.unt.edu.ar\/organizacion\/wp-json\/wp\/v2\/pages\/104"}],"collection":[{"href":"https:\/\/catedras.facet.unt.edu.ar\/organizacion\/wp-json\/wp\/v2\/pages"}],"about":[{"href":"https:\/\/catedras.facet.unt.edu.ar\/organizacion\/wp-json\/wp\/v2\/types\/page"}],"author":[{"embeddable":true,"href":"https:\/\/catedras.facet.unt.edu.ar\/organizacion\/wp-json\/wp\/v2\/users\/138"}],"replies":[{"embeddable":true,"href":"https:\/\/catedras.facet.unt.edu.ar\/organizacion\/wp-json\/wp\/v2\/comments?post=104"}],"version-history":[{"count":53,"href":"https:\/\/catedras.facet.unt.edu.ar\/organizacion\/wp-json\/wp\/v2\/pages\/104\/revisions"}],"predecessor-version":[{"id":386,"href":"https:\/\/catedras.facet.unt.edu.ar\/organizacion\/wp-json\/wp\/v2\/pages\/104\/revisions\/386"}],"wp:attachment":[{"href":"https:\/\/catedras.facet.unt.edu.ar\/organizacion\/wp-json\/wp\/v2\/media?parent=104"}],"curies":[{"name":"wp","href":"https:\/\/api.w.org\/{rel}","templated":true}]}}