{"id":313,"date":"2020-03-27T12:31:54","date_gmt":"2020-03-27T15:31:54","guid":{"rendered":"https:\/\/catedras.facet.unt.edu.ar\/maqeleci-ii\/?page_id=313"},"modified":"2020-03-27T12:49:59","modified_gmt":"2020-03-27T15:49:59","slug":"la-materia","status":"publish","type":"page","link":"https:\/\/catedras.facet.unt.edu.ar\/maqeleci-ii\/la-materia\/","title":{"rendered":"La Materia"},"content":{"rendered":"<p>M\u00e1quinas El\u00e9ctricas I es una asignatura correspondiente al m\u00f3dulo VI del 3\u00ba a\u00f1o de la Carrera de Ingenier\u00eda El\u00e9ctrica<\/p>\n<p>M\u00e1quinas El\u00e9ctricas II es una asignatura correspondiente al m\u00f3dulo VII del 4\u00ba a\u00f1o de la Carrera de Ingenier\u00eda El\u00e9ctrica<\/p>\n<h5><strong>Condiciones para regularizar la materia\u00a0<\/strong><\/h5>\n<ul>\n<li>Aprobar dos ex\u00e1menes parciales escritos de resoluci\u00f3n de problemas en la mitad y al final del semestre.<\/li>\n<li>Presentar y aprobar carpeta de trabajos pr\u00e1cticos de resoluci\u00f3n de problemas.<\/li>\n<li>Presentar y aprobar carpeta de trabajos pr\u00e1cticos de laboratorio<\/li>\n<\/ul>\n<h5><strong>Condiciones para aprobar la materia\u00a0<\/strong><\/h5>\n<ul>\n<li>Aprobar un examen final oral.<\/li>\n<\/ul>\n","protected":false},"excerpt":{"rendered":"<p>M\u00e1quinas El\u00e9ctricas I es una asignatura correspondiente al m\u00f3dulo VI del 3\u00ba a\u00f1o de la Carrera de Ingenier\u00eda El\u00e9ctrica M\u00e1quinas El\u00e9ctricas II es una asignatura correspondiente al m\u00f3dulo VII del 4\u00ba a\u00f1o de la Carrera de Ingenier\u00eda El\u00e9ctrica Condiciones para regularizar la materia\u00a0 Aprobar dos ex\u00e1menes parciales escritos de resoluci\u00f3n de problemas en la mitad [&hellip;]<\/p>\n","protected":false},"author":101881,"featured_media":57,"parent":0,"menu_order":0,"comment_status":"closed","ping_status":"closed","template":"","meta":[],"_links":{"self":[{"href":"https:\/\/catedras.facet.unt.edu.ar\/maqeleci-ii\/wp-json\/wp\/v2\/pages\/313"}],"collection":[{"href":"https:\/\/catedras.facet.unt.edu.ar\/maqeleci-ii\/wp-json\/wp\/v2\/pages"}],"about":[{"href":"https:\/\/catedras.facet.unt.edu.ar\/maqeleci-ii\/wp-json\/wp\/v2\/types\/page"}],"author":[{"embeddable":true,"href":"https:\/\/catedras.facet.unt.edu.ar\/maqeleci-ii\/wp-json\/wp\/v2\/users\/101881"}],"replies":[{"embeddable":true,"href":"https:\/\/catedras.facet.unt.edu.ar\/maqeleci-ii\/wp-json\/wp\/v2\/comments?post=313"}],"version-history":[{"count":2,"href":"https:\/\/catedras.facet.unt.edu.ar\/maqeleci-ii\/wp-json\/wp\/v2\/pages\/313\/revisions"}],"predecessor-version":[{"id":319,"href":"https:\/\/catedras.facet.unt.edu.ar\/maqeleci-ii\/wp-json\/wp\/v2\/pages\/313\/revisions\/319"}],"wp:featuredmedia":[{"embeddable":true,"href":"https:\/\/catedras.facet.unt.edu.ar\/maqeleci-ii\/wp-json\/wp\/v2\/media\/57"}],"wp:attachment":[{"href":"https:\/\/catedras.facet.unt.edu.ar\/maqeleci-ii\/wp-json\/wp\/v2\/media?parent=313"}],"curies":[{"name":"wp","href":"https:\/\/api.w.org\/{rel}","templated":true}]}}