{"id":52,"date":"2015-04-28T05:23:26","date_gmt":"2015-04-28T08:23:26","guid":{"rendered":"https:\/\/catedras.facet.unt.edu.ar\/laboratoriop03\/?page_id=52"},"modified":"2021-07-02T12:48:05","modified_gmt":"2021-07-02T15:48:05","slug":"equipo-de-trabajo","status":"publish","type":"page","link":"https:\/\/catedras.facet.unt.edu.ar\/laboratoriop03\/equipo-de-trabajo\/","title":{"rendered":"Equipo de trabajo"},"content":{"rendered":"<h2><strong>Profesora a Cargo: <\/strong><\/h2>\n<p><a href=\"https:\/\/catedras.facet.unt.edu.ar\/laboratoriop03\/wp-content\/uploads\/sites\/68\/2021\/07\/MyriamNueva.jpg\"><img loading=\"lazy\" class=\"alignnone wp-image-131\" src=\"https:\/\/catedras.facet.unt.edu.ar\/laboratoriop03\/wp-content\/uploads\/sites\/68\/2021\/07\/MyriamNueva.jpg\" alt=\"\" width=\"144\" height=\"150\" data-wp-editing=\"1\" \/><\/a><\/p>\n<p><span style=\"color: #08084f;\"><strong>Lic. en Inform\u00e1tica Myriam Ruiz<\/strong><\/span><br \/>\n<span style=\"color: #08084f;\"><strong>Prof. Adjunta<\/strong><\/span><\/p>\n<h2><strong>Jefe de Trabajos Pr\u00e1cticos<\/strong>:<\/h2>\n<p><a href=\"https:\/\/catedras.facet.unt.edu.ar\/laboratoriop03\/wp-content\/uploads\/sites\/68\/2021\/07\/juanpablo.pepe_-e1465760143220.jpg\"><img loading=\"lazy\" class=\"alignnone wp-image-134\" src=\"https:\/\/catedras.facet.unt.edu.ar\/laboratoriop03\/wp-content\/uploads\/sites\/68\/2021\/07\/juanpablo.pepe_-e1465760143220.jpg\" alt=\"\" width=\"150\" height=\"150\" \/><\/a><\/p>\n<p><span style=\"color: #08084f;\"><strong>Prog. Univ. Juan Pablo Pepe<\/strong><\/span><\/p>\n<h2><strong>Auxiliares docentes graduados:<\/strong><\/h2>\n<p><a href=\"https:\/\/catedras.facet.unt.edu.ar\/laboratoriop03\/wp-content\/uploads\/sites\/68\/2021\/07\/WhatsApp-Image-2021-07-02-at-12.44.11.jpeg\"><img loading=\"lazy\" class=\"alignnone  wp-image-141\" src=\"https:\/\/catedras.facet.unt.edu.ar\/laboratoriop03\/wp-content\/uploads\/sites\/68\/2021\/07\/WhatsApp-Image-2021-07-02-at-12.44.11.jpeg\" alt=\"\" width=\"140\" height=\"152\" \/><\/a><\/p>\n<p><strong><span style=\"color: #08084f;\">Lic. en Inform\u00e1tica Daniel Singh<\/span><\/strong><\/p>\n<p><a href=\"https:\/\/catedras.facet.unt.edu.ar\/laboratoriop03\/wp-content\/uploads\/sites\/68\/2021\/07\/WhatsApp-Image-2021-07-02-at-12.44.11-1.jpeg\"><img loading=\"lazy\" class=\"alignnone  wp-image-142\" src=\"https:\/\/catedras.facet.unt.edu.ar\/laboratoriop03\/wp-content\/uploads\/sites\/68\/2021\/07\/WhatsApp-Image-2021-07-02-at-12.44.11-1.jpeg\" alt=\"\" width=\"143\" height=\"158\" \/><\/a><\/p>\n<p><strong><span style=\"color: #08084f;\">Prog. Univ. Malena Corrales Moyano<\/span><\/strong><\/p>\n<h2><strong>Auxiliares Docentes Estudiantiles:<\/strong><\/h2>\n<p><strong><span style=\"color: #08084f;\">Sr. Pablo Diaz<\/span><\/strong><\/p>\n<p><strong><span style=\"color: #08084f;\">Sr. Gabriel Morales<\/span><\/strong><\/p>\n<p><strong><span style=\"color: #08084f;\">Sr. Esteban Paz<\/span><\/strong><\/p>\n<p>&nbsp;<\/p>\n<div id=\"attachment_40\" style=\"width: 310px\" class=\"wp-caption aligncenter\"><a href=\"https:\/\/catedras.facet.unt.edu.ar\/laboratoriop03\/wp-content\/uploads\/sites\/68\/2014\/12\/slide-2.jpg\"><img aria-describedby=\"caption-attachment-40\" loading=\"lazy\" class=\"wp-image-40 size-medium\" src=\"https:\/\/catedras.facet.unt.edu.ar\/laboratoriop03\/wp-content\/uploads\/sites\/68\/2014\/12\/slide-2-300x225.jpg\" alt=\"Navegando un sitio web con lector de pantalla. T\u00e9cnicas de accesibilidad\" width=\"300\" height=\"225\" srcset=\"https:\/\/catedras.facet.unt.edu.ar\/laboratoriop03\/wp-content\/uploads\/sites\/68\/2014\/12\/slide-2-300x225.jpg 300w, https:\/\/catedras.facet.unt.edu.ar\/laboratoriop03\/wp-content\/uploads\/sites\/68\/2014\/12\/slide-2.jpg 621w\" sizes=\"(max-width: 300px) 100vw, 300px\" \/><\/a><p id=\"caption-attachment-40\" class=\"wp-caption-text\">Navegando un sitio web con lector de pantalla. Poni\u00e9ndonos en el lugar de una persona con discapacidad visual.<\/p><\/div>\n","protected":false},"excerpt":{"rendered":"<p>Profesora a Cargo: Lic. en Inform\u00e1tica Myriam Ruiz Prof. Adjunta Jefe de Trabajos Pr\u00e1cticos: Prog. Univ. Juan Pablo Pepe Auxiliares docentes graduados: Lic. en Inform\u00e1tica Daniel Singh Prog. Univ. Malena Corrales Moyano Auxiliares Docentes Estudiantiles: Sr. Pablo Diaz Sr. Gabriel Morales Sr. Esteban Paz &nbsp;<\/p>\n","protected":false},"author":168,"featured_media":0,"parent":0,"menu_order":0,"comment_status":"closed","ping_status":"closed","template":"","meta":[],"_links":{"self":[{"href":"https:\/\/catedras.facet.unt.edu.ar\/laboratoriop03\/wp-json\/wp\/v2\/pages\/52"}],"collection":[{"href":"https:\/\/catedras.facet.unt.edu.ar\/laboratoriop03\/wp-json\/wp\/v2\/pages"}],"about":[{"href":"https:\/\/catedras.facet.unt.edu.ar\/laboratoriop03\/wp-json\/wp\/v2\/types\/page"}],"author":[{"embeddable":true,"href":"https:\/\/catedras.facet.unt.edu.ar\/laboratoriop03\/wp-json\/wp\/v2\/users\/168"}],"replies":[{"embeddable":true,"href":"https:\/\/catedras.facet.unt.edu.ar\/laboratoriop03\/wp-json\/wp\/v2\/comments?post=52"}],"version-history":[{"count":13,"href":"https:\/\/catedras.facet.unt.edu.ar\/laboratoriop03\/wp-json\/wp\/v2\/pages\/52\/revisions"}],"predecessor-version":[{"id":143,"href":"https:\/\/catedras.facet.unt.edu.ar\/laboratoriop03\/wp-json\/wp\/v2\/pages\/52\/revisions\/143"}],"wp:attachment":[{"href":"https:\/\/catedras.facet.unt.edu.ar\/laboratoriop03\/wp-json\/wp\/v2\/media?parent=52"}],"curies":[{"name":"wp","href":"https:\/\/api.w.org\/{rel}","templated":true}]}}