{"id":37,"date":"2014-08-12T11:49:09","date_gmt":"2014-08-12T14:49:09","guid":{"rendered":"https:\/\/catedras.facet.unt.edu.ar\/laboratoriop03\/home\/"},"modified":"2016-03-21T21:32:03","modified_gmt":"2016-03-22T00:32:03","slug":"home","status":"publish","type":"page","link":"https:\/\/catedras.facet.unt.edu.ar\/laboratoriop03\/","title":{"rendered":"Home"},"content":{"rendered":"<div id=\"pl-37\"  class=\"panel-layout\" ><div id=\"pg-37-0\"  class=\"panel-grid panel-no-style\" ><div id=\"pgc-37-0-0\"  class=\"panel-grid-cell\" ><div id=\"panel-37-0-0-0\" class=\"so-panel widget widget_text panel-first-child\" data-index=\"0\" ><h3 class=\"widget-title\">Bienvenidos<\/h3>\t\t\t<div class=\"textwidget\"><div style=\"text-align: justify\">Este es el sitio oficial de la c\u00e1tedra Laboratorio I.<\/div>\n<div style=\"text-align: justify\"><\/div><br \/>\n<div style=\"text-align: justify\">Laboratorio I es una asignatura de primer a\u00f1o, que se dicta durante el primer cuatimestre para las carreras de Programador Universitario y Licenciatura en Inform\u00e1tica. Su base es la formaci\u00f3n orientada al desempe\u00f1o id\u00f3neo mediante la integraci\u00f3n del conocer, con el ser y el hacer.<\/div>\n<div style=\"text-align: justify\"><\/div><br \/>\n<div style=\"text-align: justify\">Trataremos que tu paso por la asignatura sea placentero, nuestra tarea consistir\u00e1 en guiarte para que realices tus primeros pasos en la programaci\u00f3n para la web. De tus ganas, estudio y esfuerzo, depender\u00e1 el producto final que logres.<\/div>\n\n<\/div>\n\t\t<\/div><div id=\"panel-37-0-0-1\" class=\"so-panel widget widget_siteorigin-panels-postloop panel-last-child\" data-index=\"1\" ><h3 class=\"widget-title\">NOVEDADES<\/h3>\n\t\t\n\t\t\n<article id=\"post-81\" class=\"post-81 post type-post status-publish format-standard hentry category-novedades\">\n\n\t\n\t<div class=\"entry-main\">\n\n\t\t\n\t\t<header class=\"entry-header\">\n\t\t\t\n\t\t\t<h1 class=\"entry-title\"><a href=\"https:\/\/catedras.facet.unt.edu.ar\/laboratoriop03\/2016\/03\/21\/81\/\" title=\"Enlace permanente a 1er Parcial\" rel=\"bookmark\">1er Parcial<\/a><\/h1>\n\n\t\t\t\n\t\t<\/header><!-- .entry-header -->\n\n\t\t\t\t\t<div class=\"entry-content\">\n\t\t\t\t<p>El d\u00eda 8 de Mayo se tomar\u00e1 el primer examen parcial. Se incluir\u00e1n lo temas vistos hasta el trabajo pr\u00e1ctico N\u00b0 5.<\/p>\n\t\t\t\t\t\t\t\t\t\t\t\t\t\t\t<\/div><!-- .entry-content -->\n\t\t\n\t\t\n\t<\/div>\n\n<\/article><!-- #post-81 -->\n\n\t\n\t\n<\/div><\/div><div id=\"pgc-37-0-1\"  class=\"panel-grid-cell\" ><div id=\"panel-37-0-1-0\" class=\"so-panel widget widget_text panel-first-child\" data-index=\"2\" ><h3 class=\"widget-title\">Red Social<\/h3>\t\t\t<div class=\"textwidget\"><p><a href=\"https:\/\/www.facebook.com\/groups\/LaboratorioI.Facet\/\" target=\"_blank\" rel=\"noopener noreferrer\"><img class=\"aligncenter size-full wp-image-1251\" title=\"Entorno Virtual FACET\" src=\"https:\/\/catedras.facet.unt.edu.ar\/laboratoriop03\/wp-content\/uploads\/sites\/68\/2016\/04\/FACEBOOK.png\" alt=\"\" width=\"300\" height=\"165\" \/><br \/>\n        <\/a><\/p>\n<\/div>\n\t\t<\/div><div id=\"panel-37-0-1-1\" class=\"so-panel widget widget_text panel-last-child\" data-index=\"3\" ><h3 class=\"widget-title\">Sitio web realizado por alumnos<\/h3>\t\t\t<div class=\"textwidget\"><a href=\"http:\/\/www.psicologia.unt.edu.ar\/\/\" target=\"_blank\" rel=\"noopener noreferrer\"><img class=\"aligncenter size-full wp-image-1251\" title=\"Entorno Virtual FACET\" src=\"https:\/\/catedras.facet.unt.edu.ar\/laboratoriop03\/wp-content\/uploads\/sites\/68\/2016\/04\/facultad-de-psicolog\u00eda-1.png\" alt=\"\" width=\"300\" height=\"81\" \/>\n        <\/a><br \/>\n<\/div>\n\t\t<\/div><\/div><\/div><\/div>","protected":false},"excerpt":{"rendered":"<p>Bienvenidos Este es el sitio oficial de la c\u00e1tedra Laboratorio I. Laboratorio I es una asignatura de primer a\u00f1o, que se dicta durante el primer cuatimestre para las carreras de Programador Universitario y Licenciatura en Inform\u00e1tica. Su base es la formaci\u00f3n orientada al desempe\u00f1o id\u00f3neo mediante la integraci\u00f3n del conocer, con el ser y el [&hellip;]<\/p>\n","protected":false},"author":1,"featured_media":0,"parent":0,"menu_order":0,"comment_status":"closed","ping_status":"closed","template":"home-panels.php","meta":[],"_links":{"self":[{"href":"https:\/\/catedras.facet.unt.edu.ar\/laboratoriop03\/wp-json\/wp\/v2\/pages\/37"}],"collection":[{"href":"https:\/\/catedras.facet.unt.edu.ar\/laboratoriop03\/wp-json\/wp\/v2\/pages"}],"about":[{"href":"https:\/\/catedras.facet.unt.edu.ar\/laboratoriop03\/wp-json\/wp\/v2\/types\/page"}],"author":[{"embeddable":true,"href":"https:\/\/catedras.facet.unt.edu.ar\/laboratoriop03\/wp-json\/wp\/v2\/users\/1"}],"replies":[{"embeddable":true,"href":"https:\/\/catedras.facet.unt.edu.ar\/laboratoriop03\/wp-json\/wp\/v2\/comments?post=37"}],"version-history":[{"count":3,"href":"https:\/\/catedras.facet.unt.edu.ar\/laboratoriop03\/wp-json\/wp\/v2\/pages\/37\/revisions"}],"predecessor-version":[{"id":71,"href":"https:\/\/catedras.facet.unt.edu.ar\/laboratoriop03\/wp-json\/wp\/v2\/pages\/37\/revisions\/71"}],"wp:attachment":[{"href":"https:\/\/catedras.facet.unt.edu.ar\/laboratoriop03\/wp-json\/wp\/v2\/media?parent=37"}],"curies":[{"name":"wp","href":"https:\/\/api.w.org\/{rel}","templated":true}]}}