{"id":1176,"date":"2022-12-14T08:34:55","date_gmt":"2022-12-14T11:34:55","guid":{"rendered":"https:\/\/catedras.facet.unt.edu.ar\/labcc\/?page_id=1176"},"modified":"2022-12-14T08:41:42","modified_gmt":"2022-12-14T11:41:42","slug":"mgmolina","status":"publish","type":"page","link":"https:\/\/catedras.facet.unt.edu.ar\/labcc\/mgmolina\/","title":{"rendered":"Brief CV"},"content":{"rendered":"<p><a href=\"https:\/\/catedras.facet.unt.edu.ar\/labcc\/wp-content\/uploads\/sites\/114\/2022\/12\/GM_BN.jpg\"><img loading=\"lazy\" class=\"wp-image-1163 alignleft\" src=\"https:\/\/catedras.facet.unt.edu.ar\/labcc\/wp-content\/uploads\/sites\/114\/2022\/12\/GM_BN.jpg\" alt=\"\" width=\"273\" height=\"273\" \/><\/a><\/p>\n<p>&nbsp;<\/p>\n<h2>Dr. Mar\u00eda Graciela Molina<\/h2>\n<p>gmolina@herrera.unt.edu.ar \/ m.graciela.molina@gmail.com<\/p>\n<p>https:\/\/spaceweather.facet.unt.edu.ar\/ \u2013 https:\/\/catedras.facet.unt.edu.ar\/labcc\/<\/p>\n<p>&nbsp;<\/p>\n<p>&nbsp;<\/p>\n<p>&nbsp;<\/p>\n<p>&nbsp;<\/p>\n<h3>EDU\u00adCA\u00adTION<\/h3>\n<ul>\n<li>2017. PhD in Exact Scien\u00adces and En\u00adge\u00adnee\u00adring- Fa\u00adcul\u00adtad de Cien\u00adcias Exac\u00adtas y Tec\u00adno\u00adlo\u00adg\u00eda -FA\u00adCET,Uni\u00adver\u00adsi\u00addad Na\u00adcio\u00adnal de Tu\u00adcu\u00adm\u00e1n \u2013 UNT (Na\u00adtio\u00adnal Uni\u00adver\u00adsity of Tu\u00adcu\u00adm\u00e1n). Ar\u00adgen\u00adti\u00adna. The\u00adsis title: Model of Au\u00adto\u00adma\u00adtic Radar Echo De\u00adtec\u00adtion.<\/li>\n<li>2010- Mas\u00adter in In\u00adfor\u00adma\u00adtics. FA\u00adCET-UNT.<\/li>\n<\/ul>\n<h3>TEACHING (current positions)<\/h3>\n<p>Associate professor (permanent position) \u2013 FACET-UNT \u2013 subjects: Numerical Methods and Introduction to Data Science (undergraduate level)<\/p>\n<p>Professor at: \u2018Doc\u00adto\u00adra\u00addo en Cien\u00adcias Exac\u00adtas e In\u00adge\u00adnie\u00adr\u00eda \u2018 (FA\u00adCET-UNT) \u2013 \u2018Maes\u00adtr\u00eda e M\u00e9\u00adto\u00addos Nu\u00adm\u00e9\u00adri\u00adcos y Compu\u00adtacio\u00adna\u00adles en In\u00adge\u00adnie\u00adr\u00eda \u2018 (FA\u00adCET-UNT) \u2013 \u2018Doctorado en Ciencia y Tecnolog\u00eda\u2019 (Universidad Nacional de Quilmes).<\/p>\n<p>Postgraduate courses \u2013 professor (+ relevant in the last 3 years):<\/p>\n<ul>\n<li>Machine Learning applied in Space Weather, DCAO, UBA<\/li>\n<li>Data-based modelling: neural networks, applications and tools. UNLP.<\/li>\n<li>Machine Learning: Fundamentals, tools and applications. FACET-UNT.<\/li>\n<li>Scientific programming. FACET-UNT<\/li>\n<\/ul>\n<h3>RE\u00adSEARCH<\/h3>\n<p><strong>Current positions<\/strong><\/p>\n<p>Since 2018 \u2013 Researcher at CONICET, Argentina<\/p>\n<p>Since 2022 \u2013 Associated researcher at Istituto Nazionale di Geofisica e Vulcanologia (INGV), Roma, Italia<\/p>\n<p><strong>Other scientific positions:<\/strong><\/p>\n<ul>\n<li>Head of Tu\u00adcu\u00adm\u00e1n Space Weat\u00adher Cen\u00adter (TSWC), Ar\u00adgen\u00adti\u00adna: https:\/\/spaceweather.facet.unt.edu.ar\/<\/li>\n<li>Head of La\u00adbo\u00adra\u00adto\u00adrio de Compu\u00adtaci\u00f3n Cien\u00adt\u00ed\u00adfi\u00adca (LabCC), FA\u00adCET-UNT, Ar\u00adgen\u00adti\u00adna https:\/\/catedras.facet.unt.edu.ar\/labcc\/<\/li>\n<li>Vice president of ALAGE www.alage.org<\/li>\n<li>ISWI national coordinator and chair of ISWI Webinar series: http:\/\/www.iswi-secretariat.org\/<\/li>\n<li>Member of LAGO Collaboration: http:\/\/lagoproject.net\/<\/li>\n<\/ul>\n<p><strong>Publications (+ relevants)<\/strong><\/p>\n<ul>\n<li>Particle Classification in the LAGO Water Cherenkov Detectors using Clustering Algorithms (2022). T. Torres Peralta, G. Molina, L. Otiniano, H. Asorey, I. Sidelnikh, A. Taboada, R. Mayo-Garc\u0131a, A. J. Rubio-Monterog, S. Dasso, for the LAGO Collaboration. Special issue of Nuclear Instruments &amp; Methods in Physics Research, Section A . (Under rev,)<\/li>\n<li>At\u00admosp\u00adhe\u00adric and io\u00adnosp\u00adhe\u00adric waves in\u00addu\u00adced by the Hunga erup\u00adtion on 15 Ja\u00adnuary 2022; Dop\u00adpler soun\u00adding and in\u00adfra\u00adsound (2022). Ja\u00adros\u00adlav Chum, Te\u00adre\u00adza \u0160in\u00adde\u00adl\u00e1\u0159ov\u00e1, Petra Kou\u00adck\u00e1 Kn\u00ed\u017eov\u00e1, Kate\u0159ina Po\u00addols\u00adk\u00e1, Jan Rusz, Ji\u0159\u00ed Ba\u0161e, Hi\u00adro\u00adyu\u00adki Na\u00adka\u00adta, Kei\u00adsu\u00adke Ho\u00adso\u00adka\u00adwa, Mi\u00adchael Da\u00adnie\u00adli\u00addes, Cars\u00adten Sch\u00admidt, Leon Knez, Jann-Yenq Liu, Mar\u00eda Gra\u00adcie\u00adla Mo\u00adli\u00adna, Ma\u00adriano Fagre, Zama Ka\u00adtam\u00adzi-Jo\u00adseph, Hi\u00adro\u00adyo Ohya, Tat\u00adsu\u00adya Omori, Jan La\u0161tovi\u010dka, Dalia Obra\u00adzo\u00adv\u00e1 Bure\u0161ov\u00e1, Da\u00adniel Kouba, Ja\u00adros\u00adlav Urb\u00e1\u0159 and Vla\u00addi\u00adm\u00edr Truh\u00adl\u00edk. Geophy\u00adsi\u00adcal Jour\u00adnal In\u00adter\u00adna\u00adtio\u00adnal. (In press).<\/li>\n<li>Io\u00adnosp\u00adhe\u00adric Res\u00adpon\u00adse Mo\u00adde\u00adling under Eclip\u00adse Con\u00addi\u00adtions: Eva\u00adlua\u00adtion of De\u00adcem\u00adber 14, 2020, Total Solar Eclip\u00adse Pre\u00addic\u00adtion over the South Ame\u00adri\u00adcan sec\u00adtor (2022). Ma\u00adnuel Ale\u00adjan\u00addro Bravo, Mar\u00eda Gra\u00adcie\u00adla Mo\u00adli\u00adna, Mi\u00adguel Mar\u00adti\u00adnez-Le\u00addes\u00adma, Blas de Haro Bar\u00adb\u00e1s, Ben\u00adja\u00adm\u00edn Urra, Ana G. Elias, Jonas Ro\u00addri\u00adgues de Souza, Car\u00adlos Vi\u00adlla\u00adlo\u00adbos, Jorge Na\u00admo\u00adur, El\u00edas Ova\u00adlle, Jos\u00e9 Va\u00adlen\u00adt\u00edn Ven\u00adchia\u00adrut\u00adti, Syl\u00advain Blu\u00adnier,Juan Car\u00adlos Val\u00add\u00e9s-Abreu, Eduar\u00addo Gui\u00adller\u00admo,En\u00adri\u00adque Rojo, Lo\u00adren\u00adzo de Pas\u00adqua\u00adle,En\u00adri\u00adque Ca\u00adrras\u00adco,Ro\u00addri\u00adgo Leiva,Car\u00adlos Cas\u00adti\u00adllo Ri\u00adve\u00adra, Al\u00adber\u00adto Fop\u00adpiano, Marco Milla, Pablo Mu\u00f1oz, Ma\u00adri\u00adna Ste\u00adpa\u00adno\u00adva, Juan Val\u00addi\u00advia and Mi\u00adguel Ca\u00adbre\u00adra. Fron\u00adtiers of As\u00adtro\u00adnomy and Space Scien\u00adces. DOI: 10.3389\/fspas.2022.1021910.<\/li>\n<li>T\u00e9c\u00adni\u00adcas de Pro\u00adgra\u00adma\u00adci\u00f3n Cien\u00adt\u00ed\u00adfi\u00adca: fun\u00adda\u00admen\u00adtos para el desa\u00adrro\u00adllo de soft\u00adwa\u00adre cien\u00adt\u00ed\u00adfi\u00adco (2022). Ce\u00adci\u00adlia Jarne, Pablo Al\u00adcain, Ro\u00addri\u00adgo Lu\u00adgo\u00adnes, M. Gra\u00adcie\u00adla Mo\u00adli\u00adna. Edi\u00adto\u00adrial de la Uni\u00adver\u00adsi\u00addad Na\u00adcio\u00adnal de Quil\u00admes. ISBN\/ISSN: PAPEL 978-987-558-795-3 \/ DI\u00adGI\u00adTAL 978-987-558-796-0 (BOOK in Spa\u00adnish).<\/li>\n<li>Lon\u00adgi\u00adtu\u00addi\u00adnal va\u00adria\u00adtions of io\u00adnosp\u00adhe\u00adric pa\u00adra\u00adme\u00adters near to\u00adta\u00adlity du\u00adring the eclip\u00adse of De\u00adcem\u00adber 14, 2020 (2021). Bar\u00adb\u00e1s, M. Bravo, A.G. Elias, M. Mar\u00adt\u00ed\u00adnez-Le\u00addes\u00adma, G. Mo\u00adli\u00adna, B. Urra, J.V. Ven\u00adchia\u00adrut\u00adti, C. Vi\u00adlla\u00adlo\u00adbos, J.H. Na\u00admo\u00adur, E. Ova\u00adlle, E.D. Gui\u00adller\u00admo, E. Ca\u00adrras\u00adco, L. De Pas\u00adqua\u00adle, E. Rojo, R. Leiva. Ad\u00advan\u00adces in Space Re\u00adsearch, Vo\u00adlu\u00adme 69, Issue 5, https:\/\/\u200bdoi.\u200borg\/\u200b10.\u200b1016\/\u200bj.\u200basr.\u200b2021.\u200b12.\u200b026.<\/li>\n<li>Con\u00adse\u00adquen\u00adces of a solar wind stream in\u00adter\u00adac\u00adtion re\u00adgion on the low la\u00adti\u00adtu\u00adde io\u00adnosp\u00adhe\u00adre: Event of 7 Oc\u00adto\u00adber 2015 (2020). M. G. Mo\u00adli\u00adna, S. Dasso, G. Man\u00adsi\u00adlla, J. H. Na\u00admo\u00adur, M. A. Ca\u00adbre\u00adra, E. Zuc\u00adche\u00adret\u00adti. Solar Phy\u00adsics. Doi: 10.1007\/s11207-020-01728-7<\/li>\n<li>Au\u00adto\u00adma\u00adtic io\u00adnosp\u00adhe\u00adric la\u00adyers de\u00adtec\u00adtion: Al\u00adgo\u00adrithms analy\u00adsis (2016). M.\u200bG.\u200bMolina; E. Zuc\u00adche\u00adret\u00adti; M.A. Ca\u00adbre\u00adra; C. Bian\u00adchi; U. Sciac\u00adca; J. Bas\u00adka\u00adra\u00addas. Ad\u00advan\u00adces on Space Re\u00adsearch, doi:10.1016\/j.\u200basr.2015.10.022.<\/li>\n<li>Pro\u00adpa\u00adga\u00adtion of gra\u00advity waves and spread F in the low la\u00adti\u00adtu\u00adde io\u00adnosp\u00adhe\u00adre over Tu\u00adcu\u00adman, Ar\u00adgen\u00adti\u00adna, by con\u00adti\u00adnuous Dop\u00adpler soun\u00adding: first re\u00adsults (2014). Chum, J. ; F.A.M. Bo\u00adno\u00admi; J. Fi\u0161er; M.A. Ca\u00adbre\u00adra; R. G. Ez\u00adquer; D. Bure\u0161ov\u00e1; J. La\u0161tovi\u010dka; J. Ba\u0161e; F. Hru\u0161ka, M.G. Mo\u00adli\u00adna; J. E. Ise, J. I. Can\u00adge\u00admi, and T. \u0160in\u00adde\u00adl\u00e1\u0159ov\u00e1. JGR: Space Phy\u00adsics. DOI.<\/li>\n<li>Digital Signal Processing and Numerical Analysis for Radar in Geophysical Applications (2013). Molina, M.G.; Cabrera, M.A.; Ezquer, R.G.;Fernandez, P.M.; Zuccheretti, E. Advances on Space Research, DOI: 10.1016\/j.asr.2012.07.032.<\/li>\n<\/ul>\n<p><strong>Relevant activities<\/strong><\/p>\n<p>Director of research projects (current):<\/p>\n<ul>\n<li>Aplicaciones de Meteorolog\u00eda del Espacio basadas en Inteligencia Artificial\u201d. PIUNT 26\/E-689. UNT, Argentina<\/li>\n<li>Multi-instrument investigation of ionospheric perturbations. Joint bilateral research project Argentina \u2013 Cezch Rep. CONICET 27620210100016CO.<\/li>\n<li>(co) responsable: Investigaci\u00f3n de la Alta Atm\u00f3sfera Terrestre Aplicada a Telecomunicaciones, Meteorolog\u00eda del Espacio y Cambio Clim\u00e1tico. PICT-2018- 04447. Argentina<\/li>\n<\/ul>\n<p>\u2013 Director of ICTP activity: Works\u00adhop on Ma\u00adchi\u00adne Lear\u00adning for Space Weat\u00adher: Fun\u00adda\u00admen\u00adtals, Tools and Fu\u00adtu\u00adre Pros\u00adpects. ICTP. https:\/\/indico.ictp.it\/event\/9840\/<\/p>\n<p>\u2013 Co founder of grupo de Pro\u00adgra\u00adma\u00adci\u00f3n Cien\u00adt\u00ed\u00adfi\u00adca en Ar\u00adgen\u00adti\u00adna https:\/\/wtpc.github.io\/<\/p>\n<p>\u2013 Advisor to 3 doctoral students and 2 undergrad students.<\/p>\n<p>&nbsp;<\/p>\n<p>&nbsp;<\/p>\n<p>&nbsp;<\/p>\n<p>&nbsp;<\/p>\n<p>&nbsp;<\/p>\n<p>&nbsp;<\/p>\n","protected":false},"excerpt":{"rendered":"<p>&nbsp; Dr. Mar\u00eda Graciela Molina gmolina@herrera.unt.edu.ar \/ m.graciela.molina@gmail.com https:\/\/spaceweather.facet.unt.edu.ar\/ \u2013 https:\/\/catedras.facet.unt.edu.ar\/labcc\/ &nbsp; &nbsp; &nbsp; &nbsp; EDU\u00adCA\u00adTION 2017. PhD in Exact Scien\u00adces and En\u00adge\u00adnee\u00adring- Fa\u00adcul\u00adtad de Cien\u00adcias Exac\u00adtas y Tec\u00adno\u00adlo\u00adg\u00eda -FA\u00adCET,Uni\u00adver\u00adsi\u00addad Na\u00adcio\u00adnal de Tu\u00adcu\u00adm\u00e1n \u2013 UNT (Na\u00adtio\u00adnal Uni\u00adver\u00adsity of Tu\u00adcu\u00adm\u00e1n). Ar\u00adgen\u00adti\u00adna. The\u00adsis title: Model of Au\u00adto\u00adma\u00adtic Radar Echo De\u00adtec\u00adtion. 2010- Mas\u00adter in In\u00adfor\u00adma\u00adtics. FA\u00adCET-UNT. TEACHING (current [&hellip;]<\/p>\n","protected":false},"author":101128,"featured_media":0,"parent":0,"menu_order":0,"comment_status":"closed","ping_status":"closed","template":"","meta":[],"_links":{"self":[{"href":"https:\/\/catedras.facet.unt.edu.ar\/labcc\/wp-json\/wp\/v2\/pages\/1176"}],"collection":[{"href":"https:\/\/catedras.facet.unt.edu.ar\/labcc\/wp-json\/wp\/v2\/pages"}],"about":[{"href":"https:\/\/catedras.facet.unt.edu.ar\/labcc\/wp-json\/wp\/v2\/types\/page"}],"author":[{"embeddable":true,"href":"https:\/\/catedras.facet.unt.edu.ar\/labcc\/wp-json\/wp\/v2\/users\/101128"}],"replies":[{"embeddable":true,"href":"https:\/\/catedras.facet.unt.edu.ar\/labcc\/wp-json\/wp\/v2\/comments?post=1176"}],"version-history":[{"count":5,"href":"https:\/\/catedras.facet.unt.edu.ar\/labcc\/wp-json\/wp\/v2\/pages\/1176\/revisions"}],"predecessor-version":[{"id":1181,"href":"https:\/\/catedras.facet.unt.edu.ar\/labcc\/wp-json\/wp\/v2\/pages\/1176\/revisions\/1181"}],"wp:attachment":[{"href":"https:\/\/catedras.facet.unt.edu.ar\/labcc\/wp-json\/wp\/v2\/media?parent=1176"}],"curies":[{"name":"wp","href":"https:\/\/api.w.org\/{rel}","templated":true}]}}