{"id":118,"date":"2014-01-17T20:23:01","date_gmt":"2014-01-17T23:23:01","guid":{"rendered":"https:\/\/catedras.facet.unt.edu.ar\/ingsoftware\/?page_id=118"},"modified":"2014-01-17T20:26:27","modified_gmt":"2014-01-17T23:26:27","slug":"ing-maximiliano-odstrcil","status":"publish","type":"page","link":"https:\/\/catedras.facet.unt.edu.ar\/ingsoftware\/docentes\/ing-maximiliano-odstrcil\/","title":{"rendered":"Ing. Maximiliano Odstrcil"},"content":{"rendered":"<p>Ing. Maximiliano Odstrcil &#8211; Profesor Adjunto con Semi-Dedicaci\u00f3n &#8211;\u00a0<a href=\"mailto:modstrcil@herrera.unt.edu.ar\">modstrcil@herrera.unt.edu.ar<\/a><\/p>\n<p align=\"justify\"><span style=\"color: #010000;font-family: Arial, Helvetica, Geneva, sans-serif\"><strong>T\u00cdTULOS<\/strong><\/span><\/p>\n<ul>\n<li>\n<div align=\"justify\"><span style=\"font-family: Arial, Helvetica, Geneva, sans-serif\">Egresado del Instituto T\u00e9cnico de la Universidad Nacional de Tucum\u00e1n como &#8220;T\u00e9cnico Mec\u00e1nico Electricista&#8221; en 1991, con el premio Lucas C\u00f3rdoba al mejor egresado.<\/span><\/div>\n<\/li>\n<li>\n<div align=\"justify\"><span style=\"font-family: Arial, Helvetica, Geneva, sans-serif\">Egresado de la carrera de Ingenier\u00eda El\u00e9ctrica orientaci\u00f3n Computaci\u00f3n, plan 1991 de la Facultad de Ciencias Exactas y Tecnolog\u00eda de la Universidad Nacional de Tucum\u00e1n como &#8220;Ingeniero El\u00e9ctrico orientaci\u00f3n Computaci\u00f3n&#8221; en Diciembre de 1996, siendo escolta de dicha facultad.<\/span><\/div>\n<\/li>\n<li>\n<div align=\"justify\"><span style=\"font-family: Arial, Helvetica, Geneva, sans-serif\">Egresado de la XII Promoci\u00f3n del Master en Ingenier\u00eda del Software e Ingenier\u00eda del Conocimiento de la Facultad de Inform\u00e1tica de la Universidad Polit\u00e9cnica de Madrid como &#8220;Master en Ingenier\u00eda de Software&#8221;, con Matr\u00edcula de Honor, en Diciembre de 1998.<\/span><\/div>\n<\/li>\n<\/ul>\n<p align=\"justify\"><span style=\"color: #010000;font-family: Arial, Helvetica, Geneva, sans-serif\"><strong>DOCENCIA<\/strong><\/span><\/p>\n<ul>\n<li>\n<div align=\"justify\"><span style=\"font-family: Arial, Helvetica, Geneva, sans-serif\">Se desempe\u00f1\u00f3 como profesor en el Laboratorio de Computaci\u00f3n del Instituto T\u00e9cnico de la Universidad Nacional de Tucum\u00e1n, desde Octubre de 1995 a Febrero de 1998.<\/span><\/div>\n<\/li>\n<li>\n<div align=\"justify\"><span style=\"font-family: Arial, Helvetica, Geneva, sans-serif\">Se desempe\u00f1\u00f3 como Auxiliar Ad Honorem de la materia &#8220;Conceptos de Sistemas&#8221; de la orientaci\u00f3n Computaci\u00f3n de la carrera de Ingenier\u00eda El\u00e9ctrica de la U.N.T., en el per\u00edodo Marzo-Julio de 1997.<\/span><\/div>\n<\/li>\n<li>\n<div align=\"justify\"><span style=\"font-family: Arial, Helvetica, Geneva, sans-serif\">Se desempe\u00f1\u00f3 como Auxiliar Docente Graduado con Semidedicaci\u00f3n en el \u00c1rea de Programaci\u00f3n, con funciones en las C\u00e1tedras &#8220;Conceptos de Sistemas&#8221; e &#8220;Ingenier\u00eda de Software&#8221;, desde el 2 de Mayo de 2000 hasta el 30 de Agosto de 2001.<\/span><\/div>\n<\/li>\n<li>\n<div align=\"justify\"><span style=\"font-family: Arial, Helvetica, Geneva, sans-serif\">Se desempe\u00f1a como Profesor Adjunto con Semidedicaci\u00f3n para el \u00c1rea de Programaci\u00f3n, asignaturas &#8220;Conceptos de Sistemas&#8221;, &#8220;Ingenier\u00eda de Software&#8221; y &#8220;Laboratorio de Bases de Datos&#8221;, desde el 30 de Agosto de 2001.<\/span><\/div>\n<\/li>\n<li>\n<div align=\"justify\"><span style=\"font-family: Arial, Helvetica, Geneva, sans-serif\">Es representante de la Comisi\u00f3n Acad\u00e9mica de la carrera de Ingenier\u00eda en Computaci\u00f3n de la Facultad de Ciencias Exactas y Tecnolog\u00eda de la UNT desde Marzo de 2004.<\/span><\/div>\n<\/li>\n<li>\n<div align=\"justify\"><span style=\"font-family: Arial, Helvetica, Geneva, sans-serif\">Actualmente est\u00e1 participando del proyecto de investigaci\u00f3n &#8220;Estrategias para mejorar la calidad educativa y el rendimiento de los alumnos de la carrera de Ingenier\u00eda Biom\u00e9dica de la Universidad Nacional de Tucum\u00e1n&#8221;, Proyecto CIUNT: E334 &#8211; Categor\u00eda C.<\/span><\/div>\n<\/li>\n<\/ul>\n<p align=\"justify\"><span style=\"color: #010000;font-family: Arial, Helvetica, Geneva, sans-serif\"><strong>PUBLICACIONES Y COLABORACIONES<\/strong><\/span><\/p>\n<ul>\n<li>\n<div align=\"justify\"><span style=\"font-family: Arial, Helvetica, Geneva, sans-serif\">Autor de la publicaci\u00f3n &#8220;Conceptos de Sistemas y An\u00e1lisis Orientado a Objetos&#8221;, editado por la Asociaci\u00f3n Cooperadora de la Facultad de Ciencias Exactas y Tecnolog\u00eda en Marzo de 2001, de 105 p\u00e1ginas.<\/span><\/div>\n<\/li>\n<li>\n<div align=\"justify\"><span style=\"font-family: Arial, Helvetica, Geneva, sans-serif\">Autor del Art\u00edculo &#8220;Mejoras en las Tecnolog\u00edas de Informaci\u00f3n del Centro Herrera y la FACET&#8221; publicado en el n\u00famero 25 de la Revista CET, ISSN 1668-9178, Diciembre de 2004.<\/span><\/div>\n<\/li>\n<\/ul>\n<p align=\"justify\"><span style=\"color: #010000;font-family: Arial, Helvetica, Geneva, sans-serif\"><strong>FORMACI\u00d3N DE RECURSOS HUMANOS<\/strong><\/span><\/p>\n<ul>\n<li>\n<div align=\"justify\"><span style=\"font-family: Arial, Helvetica, Geneva, sans-serif\">Tutor\u00eda de la tesis de grado &#8220;Sistema de Gesti\u00f3n de Caja Chica&#8221; y &#8220;Sistema de Gesti\u00f3n de Carreras de Postgrado&#8221; para la Facultad de Ciencias Exactas y Tecnolog\u00eda de la Universidad Nacional de Tucum\u00e1n, siendo sus autores los alumnos Gabriela Almar\u00e1z, Diego Moscoso, Rub\u00e9n Polti y Roberto Canavidez, de la carrera Ingenier\u00eda en Computaci\u00f3n de la FACET, 2003.<\/span><\/div>\n<\/li>\n<li>\n<div align=\"justify\"><span style=\"font-family: Arial, Helvetica, Geneva, sans-serif\">Tutor\u00eda de la tesis de grado &#8220;Sitio de Graduados del DEEYC&#8221; para la Facultad de Ciencias Exactas y Tecnolog\u00eda de la Universidad Nacional de Tucum\u00e1n, siendo sus autores los alumnos Mar\u00eda Fernanda Guzm\u00e1n y Rodrigo Maur\u00edn, de la carrera Ingenier\u00eda en Computaci\u00f3n de la FACET, 2004.<\/span><\/div>\n<\/li>\n<li>\n<div align=\"justify\"><span style=\"font-family: Arial, Helvetica, Geneva, sans-serif\">Tutor\u00eda de la tesis de grado: &#8220;Aplicaci\u00f3n Web para el Colegio de Graduados en Ciencias Econ\u00f3micas de Tucum\u00e1n&#8221;, siendo su autor la alumna Mar\u00eda de Lourdes S\u00e1nchez, de la carrera de Ingenier\u00eda en Computaci\u00f3n, a\u00f1o 2005.<\/span><\/div>\n<\/li>\n<li>\n<div align=\"justify\"><span style=\"font-family: Arial, Helvetica, Geneva, sans-serif\">Tutor\u00eda de la tesis de grado: &#8220;Aplicaci\u00f3n Web para Gesti\u00f3n de Tutor\u00edas de Alumnos de la FACET&#8221;, siendo sus autores los alumnos Benjamin Rosales y Rodolfo Carpio, de la carrera de Ingenier\u00eda en Computaci\u00f3n, a\u00f1o 2005<\/span><\/div>\n<\/li>\n<li>\n<div align=\"justify\"><span style=\"font-family: Arial, Helvetica, Geneva, sans-serif\">Tutor\u00eda de la tesis de grado: &#8220;Aplicaci\u00f3n Web de Trabajos de Graduaci\u00f3n de Alumnos de la FACET&#8221;, ha presentarse en Marzo de 2006.<\/span><\/div>\n<\/li>\n<\/ul>\n<p align=\"justify\"><span style=\"color: #010000;font-family: Arial, Helvetica, Geneva, sans-serif\"><strong>EXPERIENCIA LABORAL<\/strong><\/span><\/p>\n<ul>\n<li>\n<div align=\"justify\"><span style=\"font-family: Arial, Helvetica, Geneva, sans-serif\">En la empresa espa\u00f1ola Servimaster Consulting S.L., se desempe\u00f1\u00f3 como jefe de proyectos de software en el \u00e1rea de Ingenier\u00eda de Software y como especialista en los productos de la marca ELSA, espec\u00edficamente en adaptadores y routers RDSI y tarjetas gr\u00e1ficas de alto rendimiento para CAD, entre Marzo de 1998 y Enero de 1999.<\/span><\/div>\n<\/li>\n<li>\n<div align=\"justify\"><span style=\"font-family: Arial, Helvetica, Geneva, sans-serif\">Se desempe\u00f1\u00f3 profesionalmente en la Direcci\u00f3n General de Rentas en las tareas de an\u00e1lisis de requisitos, documentaci\u00f3n de est\u00e1ndares, instalaci\u00f3n de equipamiento de red, desarrollo de sistemas, definici\u00f3n de est\u00e1ndares de programaci\u00f3n y migraci\u00f3n de las bases de datos, desde el 8 de Febrero hasta el 15 de Junio de 2000.<\/span><\/div>\n<\/li>\n<li>\n<div align=\"justify\"><span style=\"font-family: Arial, Helvetica, Geneva, sans-serif\">Se desempe\u00f1a actualmente como Administrador del Servicio Inform\u00e1tico que conforma la Red y\u00a0Correo Electr\u00f3nico y como Director de Desarrollo de Sistemas de la Facultad de Ciencias Exactas y Tecnolog\u00eda, desde el 24 de Marzo de 1999.<\/span><\/div>\n<\/li>\n<li>\n<div align=\"justify\"><span style=\"font-family: Arial, Helvetica, Geneva, sans-serif\">Particip\u00f3 como Responsable T\u00e9cnico del Proceso de Acreditaci\u00f3n de carreras para Ingenier\u00edas Qu\u00edmica, Civil, Mec\u00e1nica, Electr\u00f3nica y Electricista entre Agosto de 2002 y Agosto de 2003.<\/span><\/div>\n<\/li>\n<li>\n<div align=\"justify\"><span style=\"font-family: Arial, Helvetica, Geneva, sans-serif\">Particip\u00f3 como Responsable T\u00e9cnico del Proceso de Acreditaci\u00f3n de carreras para Ingenier\u00edas Industrial y Agrimensura desde Diciembre de 2003 a Septiembre de 2005.<\/span><\/div>\n<\/li>\n<li>\n<div align=\"justify\"><span style=\"font-family: Arial, Helvetica, Geneva, sans-serif\">Participa actualmente como Responsable T\u00e9cnico del Proceso de Acreditaci\u00f3n de carreras para Ingenier\u00eda Biom\u00e9dica desde Agosto de 2005.<\/span><\/div>\n<\/li>\n<\/ul>\n<p align=\"justify\"><span style=\"color: #010000;font-family: Arial, Helvetica, Geneva, sans-serif\"><strong>CURSOS REALIZADOS<\/strong><\/span><\/p>\n<ul>\n<li>\n<div align=\"justify\"><span style=\"font-family: Arial, Helvetica, Geneva, sans-serif\">Fue representando a Argentina como becario de la JICA en el &#8220;Quinto Curso Internacional de Sistemas de Transmisi\u00f3n por Fibra \u00d3ptica&#8221;, organizado por INACAP en Santiago de Chile durante Noviembre de 2001, con un total de 80 horas te\u00f3ricas y 80 horas pr\u00e1cticas, obteniendo el mejor promedio en dicho curso.<\/span><\/div>\n<\/li>\n<li>\n<div align=\"justify\"><span style=\"font-family: Arial, Helvetica, Geneva, sans-serif\">Programaci\u00f3n de Fresadora a Control Num\u00e9rico &#8220;Deckel&#8221; m\u00f3dulo FPSMC, dictado en BGH S.A. en Agosto de 1991.<\/span><\/div>\n<\/li>\n<li>\n<div align=\"justify\"><span style=\"font-family: Arial, Helvetica, Geneva, sans-serif\">Programaci\u00f3n de Electroerosionadora por hilo a Control Num\u00e9rico &#8220;CHARMILLES&#8221; m\u00f3dulo Robofil 100, dictado en BGH S.A. en Julio de 1992.<\/span><\/div>\n<\/li>\n<li>\n<div align=\"justify\"><span style=\"font-family: Arial, Helvetica, Geneva, sans-serif\">Curso &#8220;Administraci\u00f3n de MS-Windows NT&#8221;, de 25 horas de duraci\u00f3n, dictado por la Facultad de Ciencias Exactas y Tecnolog\u00eda de la UNT en Noviembre de 1995.<\/span><\/div>\n<\/li>\n<li>\n<div align=\"justify\"><span style=\"font-family: Arial, Helvetica, Geneva, sans-serif\">Curso &#8220;Redes de \u00c1rea Local&#8221;, de 70 horas de duraci\u00f3n, dictado por la Facultad de Ciencias Exactas y Tecnolog\u00eda de la UNT desde Marzo a Julio de 1997.<\/span><\/div>\n<\/li>\n<li>\n<div align=\"justify\"><span style=\"font-family: Arial, Helvetica, Geneva, sans-serif\">Participante del &#8220;XII Encuentro sobre Inform\u00e1tica y Derecho&#8221;, de 16 horas de duraci\u00f3n, realizado en la Universidad Pontificia Comillas (ICAI-ICADE) Madrid, en Mayo de 1998.<\/span><\/div>\n<\/li>\n<li>\n<div align=\"justify\"><span style=\"font-family: Arial, Helvetica, Geneva, sans-serif\">Curso &#8220;Workshop de Microsoft.NET, FrameWork y MS-Visual Studio.NET &#8211; VBNET&#8221;, de 20 horas de duraci\u00f3n dictado por Microsoft en la Universidad Cat\u00f3lica de Salta en Noviembre de 2003.<\/span><\/div>\n<\/li>\n<li>\n<div align=\"justify\"><span style=\"font-family: Arial, Helvetica, Geneva, sans-serif\">Participante de la 5ta, 6ta y 7ma Jornada Siu Pampa con pr\u00e1ctica sobre equipos en red realizadas en la Facultad de Arquitectura y Urbanismo dentro del marco del FOMEC 1217 &#8220;Fortalecimiento de la Gesti\u00f3n Administrativo-Acad\u00e9mica de la UNT&#8221; en Agosto de 2000.<\/span><\/div>\n<\/li>\n<li>\n<div align=\"justify\"><span style=\"font-family: Arial, Helvetica, Geneva, sans-serif\">Curso de posgrado &#8220;UML2&#8221;, de 15 horas de duraci\u00f3n, dictado en la Escuela de Ciencias Inform\u00e1ticas del Departamento de Computaci\u00f3n de la Facultad de Ciencias Exactas y Naturales de la Universidad de Buenos Aires, aprobado con 10\/10, entre el 26 y 30 de Julio de 2004.<\/span><\/div>\n<\/li>\n<\/ul>\n<p align=\"justify\"><span style=\"color: #010000;font-family: Arial, Helvetica, Geneva, sans-serif\"><strong>BECAS OBTENIDAS<\/strong><\/span><\/p>\n<ul>\n<li>\n<div align=\"justify\"><span style=\"font-family: Arial, Helvetica, Geneva, sans-serif\">Fue representando a Argentina como becario de la JICA en el &#8220;Quinto Curso Internacional de Sistemas de Transmisi\u00f3n por Fibra \u00d3ptica&#8221;, organizado por INACAP en Santiago de Chile durante Noviembre de 2001.<\/span><\/div>\n<\/li>\n<\/ul>\n<p align=\"justify\"><span style=\"color: #010000;font-family: Arial, Helvetica, Geneva, sans-serif\"><strong>ACTIVIDADES REALIZADAS<\/strong><\/span><\/p>\n<ul>\n<li>\n<div align=\"justify\"><span style=\"font-family: Arial, Helvetica, Geneva, sans-serif\">Instalaci\u00f3n, configuraci\u00f3n y mantenimiento de adaptadores y routers RDSI para diversas empresas espa\u00f1olas.<\/span><\/div>\n<\/li>\n<li>\n<div align=\"justify\"><span style=\"font-family: Arial, Helvetica, Geneva, sans-serif\">Dise\u00f1o e implementaci\u00f3n de aplicaciones CTI con centrales SIEMENS RDSI para diversas empresas espa\u00f1olas.<\/span><\/div>\n<\/li>\n<li>\n<div align=\"justify\"><span style=\"font-family: Arial, Helvetica, Geneva, sans-serif\">An\u00e1lisis, Dise\u00f1o, Implementaci\u00f3n y Mantenimiento del Sistema de Gesti\u00f3n Administrativa y Alumnos de la Facultad de Ciencias Exactas y Tecnolog\u00eda de la UNT.<\/span><\/div>\n<\/li>\n<li>\n<div align=\"justify\"><span style=\"font-family: Arial, Helvetica, Geneva, sans-serif\">An\u00e1lisis, Dise\u00f1o, Implementaci\u00f3n y Mantenimiento de diversos productos\u00a0medida para empresas del NOA<\/span>.<\/div>\n<\/li>\n<\/ul>\n<p>&nbsp;<\/p>\n","protected":false},"excerpt":{"rendered":"<p>Ing. Maximiliano Odstrcil &#8211; Profesor Adjunto con Semi-Dedicaci\u00f3n &#8211;\u00a0modstrcil@herrera.unt.edu.ar T\u00cdTULOS Egresado del Instituto T\u00e9cnico de la Universidad Nacional de Tucum\u00e1n como &#8220;T\u00e9cnico Mec\u00e1nico Electricista&#8221; en 1991, con el premio Lucas C\u00f3rdoba al mejor egresado. Egresado de la carrera de Ingenier\u00eda El\u00e9ctrica orientaci\u00f3n Computaci\u00f3n, plan 1991 de la Facultad de Ciencias Exactas y Tecnolog\u00eda de la [&hellip;]<\/p>\n","protected":false},"author":2,"featured_media":0,"parent":111,"menu_order":1,"comment_status":"closed","ping_status":"closed","template":"","meta":[],"_links":{"self":[{"href":"https:\/\/catedras.facet.unt.edu.ar\/ingsoftware\/wp-json\/wp\/v2\/pages\/118"}],"collection":[{"href":"https:\/\/catedras.facet.unt.edu.ar\/ingsoftware\/wp-json\/wp\/v2\/pages"}],"about":[{"href":"https:\/\/catedras.facet.unt.edu.ar\/ingsoftware\/wp-json\/wp\/v2\/types\/page"}],"author":[{"embeddable":true,"href":"https:\/\/catedras.facet.unt.edu.ar\/ingsoftware\/wp-json\/wp\/v2\/users\/2"}],"replies":[{"embeddable":true,"href":"https:\/\/catedras.facet.unt.edu.ar\/ingsoftware\/wp-json\/wp\/v2\/comments?post=118"}],"version-history":[{"count":1,"href":"https:\/\/catedras.facet.unt.edu.ar\/ingsoftware\/wp-json\/wp\/v2\/pages\/118\/revisions"}],"predecessor-version":[{"id":119,"href":"https:\/\/catedras.facet.unt.edu.ar\/ingsoftware\/wp-json\/wp\/v2\/pages\/118\/revisions\/119"}],"up":[{"embeddable":true,"href":"https:\/\/catedras.facet.unt.edu.ar\/ingsoftware\/wp-json\/wp\/v2\/pages\/111"}],"wp:attachment":[{"href":"https:\/\/catedras.facet.unt.edu.ar\/ingsoftware\/wp-json\/wp\/v2\/media?parent=118"}],"curies":[{"name":"wp","href":"https:\/\/api.w.org\/{rel}","templated":true}]}}