{"id":3168,"date":"2020-08-04T16:53:15","date_gmt":"2020-08-04T19:53:15","guid":{"rendered":"https:\/\/catedras.facet.unt.edu.ar\/calculoiii\/?page_id=3168"},"modified":"2026-02-18T10:04:21","modified_gmt":"2026-02-18T13:04:21","slug":"reglas-para-rendir","status":"publish","type":"page","link":"https:\/\/catedras.facet.unt.edu.ar\/calculoiii\/examen-final\/reglas-para-rendir\/","title":{"rendered":"Normas para rendir examen regular"},"content":{"rendered":"<div>\n<h2>Mesas de Febrero y Marzo 2026<\/h2>\n<h2><span style=\"color: #ff00ff\"><strong>EXAMEN JUEVES 19\u00a0 DE FEBRERO<span style=\"color: #000000\">(en caso de haber PARO de colectivo el examen se tomar\u00e1 el d\u00eda VIERNES 20 )<\/span><\/strong><\/span><\/h2>\n<h2><strong>LUGAR: Ofic. 2-1-18<\/strong><\/h2>\n<h2><strong>HORARIO: 8hs<\/strong><\/h2>\n<h2><span style=\"color: #ff0000\">Modalidad: Presencial-Escrito.<\/span><\/h2>\n<div>La inscripci\u00f3n es por el SIU Guaran\u00ed<\/div>\n<div><strong>Se puede presentar s\u00f3lo el alumno habilitado por el\u00a0SIU Guaran\u00ed.<\/strong><\/div>\n<\/div>\n<div>El horario y aula para rendir se le env\u00eda al alumno por mail a la direcci\u00f3n que figure en el SIU Guaran\u00ed, el d\u00eda anterior al examen.<\/div>\n<div><\/div>\n<div>El examen requiere que se estudie teor\u00eda y pr\u00e1ctica.<\/div>\n<div>En la teor\u00eda deben estudiar las definiciones, con interpretaci\u00f3n geom\u00e9trica, las propiedades y teoremas.<\/div>\n<div>Demostraci\u00f3n de:<\/div>\n<div>\u00a0 \u00a0 \u00a0 \u00a0 \u00a0 \u00a0 1) las tres Condiciones necesarias para la diferenciabilidad de una funci\u00f3n en un punto,<\/div>\n<div>\u00a0 \u00a0 \u00a0 \u00a0 \u00a0 \u00a0 2) Condici\u00f3n necesaria para existencia de extremos relativos,<\/div>\n<div>\u00a0 \u00a0 \u00a0 \u00a0 \u00a0 \u00a0 3) Teorema del valor medio del c\u00e1lculo integral.<\/div>\n<div><\/div>\n<div>&#8211; El examen ser\u00e1 escrito.<\/div>\n<div>&#8211; El escrito debe tener el siguiente formato:<\/div>\n<div>\u00a0 \u00a0 \u00a0 \u00a0 1) En la parte superior de cada carilla<\/div>\n<div>\u00a0 \u00a0 \u00a0 \u00a0 \u00a0 \u00a0 \u00a0 \u00a0 \u00a0 \u00a0A la izquierda: Apellido y nombre completo, DNI y carrera.<\/div>\n<div>\u00a0 \u00a0 \u00a0 \u00a0 \u00a0 \u00a0 \u00a0 \u00a0 \u00a0 \u00a0 A la derecha : n\u00b0 de hoja\/ cantidad total de hojas.<\/div>\n<div>\u00a0 \u00a0 \u00a0 \u00a0 2) Firmar en la \u00faltima hoja del examen.<\/div>\n<div><strong>\u00a0 \u00a0 \u00a0 \u00a0<\/strong><\/div>\n<div>\n<div><\/div>\n<\/div>\n","protected":false},"excerpt":{"rendered":"<p>Mesas de Febrero y Marzo 2026 EXAMEN JUEVES 19\u00a0 DE FEBRERO(en caso de haber PARO de colectivo el examen se tomar\u00e1 el d\u00eda VIERNES 20 ) LUGAR: Ofic. 2-1-18 HORARIO: 8hs Modalidad: Presencial-Escrito. La inscripci\u00f3n es por el SIU Guaran\u00ed Se puede presentar s\u00f3lo el alumno habilitado por el\u00a0SIU Guaran\u00ed. El horario y aula para [&hellip;]<\/p>\n","protected":false},"author":175,"featured_media":0,"parent":3163,"menu_order":10,"comment_status":"closed","ping_status":"closed","template":"","meta":[],"_links":{"self":[{"href":"https:\/\/catedras.facet.unt.edu.ar\/calculoiii\/wp-json\/wp\/v2\/pages\/3168"}],"collection":[{"href":"https:\/\/catedras.facet.unt.edu.ar\/calculoiii\/wp-json\/wp\/v2\/pages"}],"about":[{"href":"https:\/\/catedras.facet.unt.edu.ar\/calculoiii\/wp-json\/wp\/v2\/types\/page"}],"author":[{"embeddable":true,"href":"https:\/\/catedras.facet.unt.edu.ar\/calculoiii\/wp-json\/wp\/v2\/users\/175"}],"replies":[{"embeddable":true,"href":"https:\/\/catedras.facet.unt.edu.ar\/calculoiii\/wp-json\/wp\/v2\/comments?post=3168"}],"version-history":[{"count":49,"href":"https:\/\/catedras.facet.unt.edu.ar\/calculoiii\/wp-json\/wp\/v2\/pages\/3168\/revisions"}],"predecessor-version":[{"id":3806,"href":"https:\/\/catedras.facet.unt.edu.ar\/calculoiii\/wp-json\/wp\/v2\/pages\/3168\/revisions\/3806"}],"up":[{"embeddable":true,"href":"https:\/\/catedras.facet.unt.edu.ar\/calculoiii\/wp-json\/wp\/v2\/pages\/3163"}],"wp:attachment":[{"href":"https:\/\/catedras.facet.unt.edu.ar\/calculoiii\/wp-json\/wp\/v2\/media?parent=3168"}],"curies":[{"name":"wp","href":"https:\/\/api.w.org\/{rel}","templated":true}]}}