{"id":15,"date":"2018-07-31T10:43:33","date_gmt":"2018-07-31T13:43:33","guid":{"rendered":"http:\/\/www1.herrera.unt.edu.ar\/faceyt\/calculoiii\/?page_id=15"},"modified":"2023-08-22T10:34:16","modified_gmt":"2023-08-22T13:34:16","slug":"apuntes-de-teoria","status":"publish","type":"page","link":"https:\/\/catedras.facet.unt.edu.ar\/calculoiii\/material-para-clases-2\/apuntes-de-teoria\/","title":{"rendered":"Material de apoyo de Teor\u00eda"},"content":{"rendered":"<h3><strong>Encontrar\u00e1n en el <a href=\"https:\/\/facetvirtual.facet.unt.edu.ar\/course\/view.php?id=312\" target=\"_blank\" rel=\"noopener noreferrer\">Aula virtual<\/a> material de apoyo de las teor\u00edas. Se habilitar\u00e1n los d\u00eda lunes el tema a estudiar esa semana.\u00a0<\/strong><\/h3>\n<p>&nbsp;<\/p>\n<p>Adem\u00e1s puede ser de inter\u00e9s:<\/p>\n<ul>\n<li><a href=\"https:\/\/catedras.facet.unt.edu.ar\/calculoiii\/wp-content\/uploads\/sites\/72\/2019\/04\/PROPIEDADES-DE-LAS-FUNCIONES-DIFERENCIABLES.pdf\" target=\"_blank\" rel=\"noopener noreferrer\">PROPIEDADES DE LAS FUNCIONES DIFERENCIABLES<\/a><\/li>\n<li><a href=\"https:\/\/catedras.facet.unt.edu.ar\/calculoiii\/wp-content\/uploads\/sites\/72\/2019\/04\/PROPIEDADES-GEOM\u00c9TRICAS-DE-LAS-FUNCIONES-DIFERENCIABLES.pdf\" target=\"_blank\" rel=\"noopener noreferrer\">PROPIEDADES GEOM\u00c9TRICAS DE LAS FUNCIONES DIFERENCIABLES<\/a><\/li>\n<li><a href=\"https:\/\/catedras.facet.unt.edu.ar\/calculoiii\/wp-content\/uploads\/sites\/72\/2018\/09\/TVMCI.pdf\" target=\"_blank\" rel=\"noopener noreferrer\"><strong>TEOREMA VALOR MEDIO DEL C\u00c1LCULO INTEGRAL<\/strong><\/a><\/li>\n<\/ul>\n<p>Libros disponibles en biblioteca \u00a0sugeridos para consultar teor\u00eda:<\/p>\n<ol>\n<li><span style=\"color: #0000ff\">El C\u00e1lculo, Louis Leithold, 7a edici\u00f3n.<\/span><\/li>\n<li><span style=\"color: #0000ff\">Calculo Avanzado, Wuatson Fulks, \u00a0Editorial Limusa, 1973<\/span><\/li>\n<li><span style=\"color: #0000ff\">An\u00e1lisis Matem\u00e1tico 2, Norman B. Haaser, Joseph P. LaSalle, Joseph \u00a0A. Sullivan, \u00a0 \u00a0 \u00a0 \u00a0 \u00a0 \u00a0 \u00a0 \u00a0 \u00a0 \u00a0 \u00a0 \u00a0 \u00a0 \u00a0 \u00a0 \u00a0 \u00a0 \u00a0 \u00a0 \u00a0 \u00a0 \u00a0 \u00a0 \u00a0<\/span><span style=\"color: #0000ff\">\u00a0Editorial Trillas, 1977.<\/span><\/li>\n<li><span style=\"color: #0000ff\">Introducci\u00f3n al An\u00e1lisis Matem\u00e1tico (C\u00e1lculo 2) , Hebe T. Rabuffetti , Editorial El Ateneo.<\/span><\/li>\n<\/ol>\n<p>&nbsp;<\/p>\n<p>&nbsp;<\/p>\n<p>&nbsp;<\/p>\n<p>&nbsp;<\/p>\n<p>&nbsp;<\/p>\n","protected":false},"excerpt":{"rendered":"<p>Encontrar\u00e1n en el Aula virtual material de apoyo de las teor\u00edas. Se habilitar\u00e1n los d\u00eda lunes el tema a estudiar esa semana.\u00a0 &nbsp; Adem\u00e1s puede ser de inter\u00e9s: PROPIEDADES DE LAS FUNCIONES DIFERENCIABLES PROPIEDADES GEOM\u00c9TRICAS DE LAS FUNCIONES DIFERENCIABLES TEOREMA VALOR MEDIO DEL C\u00c1LCULO INTEGRAL Libros disponibles en biblioteca \u00a0sugeridos para consultar teor\u00eda: El C\u00e1lculo, [&hellip;]<\/p>\n","protected":false},"author":175,"featured_media":0,"parent":1062,"menu_order":50,"comment_status":"closed","ping_status":"closed","template":"","meta":[],"_links":{"self":[{"href":"https:\/\/catedras.facet.unt.edu.ar\/calculoiii\/wp-json\/wp\/v2\/pages\/15"}],"collection":[{"href":"https:\/\/catedras.facet.unt.edu.ar\/calculoiii\/wp-json\/wp\/v2\/pages"}],"about":[{"href":"https:\/\/catedras.facet.unt.edu.ar\/calculoiii\/wp-json\/wp\/v2\/types\/page"}],"author":[{"embeddable":true,"href":"https:\/\/catedras.facet.unt.edu.ar\/calculoiii\/wp-json\/wp\/v2\/users\/175"}],"replies":[{"embeddable":true,"href":"https:\/\/catedras.facet.unt.edu.ar\/calculoiii\/wp-json\/wp\/v2\/comments?post=15"}],"version-history":[{"count":25,"href":"https:\/\/catedras.facet.unt.edu.ar\/calculoiii\/wp-json\/wp\/v2\/pages\/15\/revisions"}],"predecessor-version":[{"id":3602,"href":"https:\/\/catedras.facet.unt.edu.ar\/calculoiii\/wp-json\/wp\/v2\/pages\/15\/revisions\/3602"}],"up":[{"embeddable":true,"href":"https:\/\/catedras.facet.unt.edu.ar\/calculoiii\/wp-json\/wp\/v2\/pages\/1062"}],"wp:attachment":[{"href":"https:\/\/catedras.facet.unt.edu.ar\/calculoiii\/wp-json\/wp\/v2\/media?parent=15"}],"curies":[{"name":"wp","href":"https:\/\/api.w.org\/{rel}","templated":true}]}}